{"id":27846,"date":"2023-03-22T16:14:40","date_gmt":"2023-03-22T14:14:40","guid":{"rendered":"https:\/\/4vultures.org\/?page_id=27846"},"modified":"2025-05-05T15:43:42","modified_gmt":"2025-05-05T12:43:42","slug":"history-and-conservation-status-in-portugal-and-spain","status":"publish","type":"page","link":"https:\/\/4vultures.org\/es\/life-aegypius-return\/the-cinereous-vulture\/history-and-conservation-status-in-portugal-and-spain\/","title":{"rendered":"Historia y estado de conservaci\u00f3n de la especie en Portugal y Espa\u00f1a."},"content":{"rendered":"<div data-elementor-type=\"wp-page\" data-elementor-id=\"27846\" class=\"elementor elementor-27846\" data-elementor-post-type=\"page\">\n\t\t\t\t\t\t<section class=\"elementor-section elementor-top-section elementor-element elementor-element-c90726f elementor-section-height-min-height elementor-section-boxed elementor-section-height-default elementor-section-items-middle\" data-id=\"c90726f\" data-element_type=\"section\" data-e-type=\"section\" data-settings=\"{&quot;background_background&quot;:&quot;classic&quot;}\">\n\t\t\t\t\t\t\t<div class=\"elementor-background-overlay\"><\/div>\n\t\t\t\t\t\t\t<div class=\"elementor-container elementor-column-gap-no\">\n\t\t\t\t\t<div class=\"elementor-column elementor-col-100 elementor-top-column elementor-element elementor-element-5499824\" data-id=\"5499824\" data-element_type=\"column\" data-e-type=\"column\">\n\t\t\t<div class=\"elementor-widget-wrap elementor-element-populated\">\n\t\t\t\t\t\t<div class=\"elementor-element elementor-element-e06eaaf animated-slow elementor-invisible elementor-widget elementor-widget-heading\" data-id=\"e06eaaf\" data-element_type=\"widget\" data-e-type=\"widget\" data-settings=\"{&quot;_animation&quot;:&quot;fadeInDown&quot;}\" data-widget_type=\"heading.default\">\n\t\t\t\t<div class=\"elementor-widget-container\">\n\t\t\t\t\t<h1 class=\"elementor-heading-title elementor-size-default\">El buitre negro <\/h1>\t\t\t\t<\/div>\n\t\t\t\t<\/div>\n\t\t\t\t<div class=\"elementor-element elementor-element-a039e42 elementor-widget elementor-widget-heading\" data-id=\"a039e42\" data-element_type=\"widget\" data-e-type=\"widget\" data-widget_type=\"heading.default\">\n\t\t\t\t<div class=\"elementor-widget-container\">\n\t\t\t\t\t<h4 class=\"elementor-heading-title elementor-size-default\">Historia y estado de conservaci\u00f3n de la especie en Portugal y Espa\u00f1a.<\/h4>\t\t\t\t<\/div>\n\t\t\t\t<\/div>\n\t\t\t\t<div class=\"elementor-element elementor-element-723d306 ee-breadcrumbs-align-left elementor-widget elementor-widget-ee-breadcrumbs\" data-id=\"723d306\" data-element_type=\"widget\" data-e-type=\"widget\" data-widget_type=\"ee-breadcrumbs.default\">\n\t\t\t\t<div class=\"elementor-widget-container\">\n\t\t\t\t\t<ul class=\"ee-breadcrumbs\" itemscope=\"\" itemtype=\"http:\/\/schema.org\/BreadcrumbList\"><\/ul>\t\t\t\t<\/div>\n\t\t\t\t<\/div>\n\t\t\t\t\t<\/div>\n\t\t<\/div>\n\t\t\t\t\t<\/div>\n\t\t<\/section>\n\t\t\t\t<section class=\"elementor-section elementor-top-section elementor-element elementor-element-c22c483 elementor-section-boxed elementor-section-height-default elementor-section-height-default\" data-id=\"c22c483\" data-element_type=\"section\" data-e-type=\"section\">\n\t\t\t\t\t\t<div class=\"elementor-container elementor-column-gap-no\">\n\t\t\t\t\t<div class=\"elementor-column elementor-col-100 elementor-top-column elementor-element elementor-element-4eab6c0\" data-id=\"4eab6c0\" data-element_type=\"column\" data-e-type=\"column\">\n\t\t\t<div class=\"elementor-widget-wrap elementor-element-populated\">\n\t\t\t\t\t\t<div class=\"elementor-element elementor-element-64196bd elementor-widget elementor-widget-heading\" data-id=\"64196bd\" data-element_type=\"widget\" data-e-type=\"widget\" data-widget_type=\"heading.default\">\n\t\t\t\t<div class=\"elementor-widget-container\">\n\t\t\t\t\t<h4 class=\"elementor-heading-title elementor-size-default\">Historia y estado de conservaci\u00f3n de la especie en Portugal y Espa\u00f1a.<\/h4>\t\t\t\t<\/div>\n\t\t\t\t<\/div>\n\t\t\t\t<div class=\"elementor-element elementor-element-0354825 elementor-widget-divider--view-line elementor-widget elementor-widget-divider\" data-id=\"0354825\" data-element_type=\"widget\" data-e-type=\"widget\" data-widget_type=\"divider.default\">\n\t\t\t\t<div class=\"elementor-widget-container\">\n\t\t\t\t\t\t\t<div class=\"elementor-divider\">\n\t\t\t<span class=\"elementor-divider-separator\">\n\t\t\t\t\t\t<\/span>\n\t\t<\/div>\n\t\t\t\t\t\t<\/div>\n\t\t\t\t<\/div>\n\t\t\t\t<div class=\"elementor-element elementor-element-08e100f elementor-widget elementor-widget-text-editor\" data-id=\"08e100f\" data-element_type=\"widget\" data-e-type=\"widget\" data-widget_type=\"text-editor.default\">\n\t\t\t\t<div class=\"elementor-widget-container\">\n\t\t\t\t\t\t\t\t\t<p>Durante el siglo XX, la  visi\u00f3n del buitre negro surcando los cielos, que antes era com\u00fan, se volvi\u00f3 cada vez m\u00e1s rara en toda Europa, incluida la Pen\u00ednsula Ib\u00e9rica, debido a diversas amenazas. Estas ellas, el envenenamiento ilegal de la fauna, la destrucci\u00f3n de su  h\u00e1bitat y la persecuci\u00f3n directa. Sin embargo, gracias a a\u00f1os de dedicados esfuerzos de conservaci\u00f3n, la poblaci\u00f3n de esta majestuosa especie ha comenzado a recuperarse. A pesar de estos avances, a\u00fan necesita nuestra ayuda para asegurar su futuro.<\/p>\t\t\t\t\t\t\t\t<\/div>\n\t\t\t\t<\/div>\n\t\t\t\t<div class=\"elementor-element elementor-element-fe49150 elementor-widget-divider--view-line elementor-widget elementor-widget-divider\" data-id=\"fe49150\" data-element_type=\"widget\" data-e-type=\"widget\" data-widget_type=\"divider.default\">\n\t\t\t\t<div class=\"elementor-widget-container\">\n\t\t\t\t\t\t\t<div class=\"elementor-divider\">\n\t\t\t<span class=\"elementor-divider-separator\">\n\t\t\t\t\t\t<\/span>\n\t\t<\/div>\n\t\t\t\t\t\t<\/div>\n\t\t\t\t<\/div>\n\t\t\t\t<div class=\"elementor-element elementor-element-06295fe elementor-widget elementor-widget-uael-infobox\" data-id=\"06295fe\" data-element_type=\"widget\" data-e-type=\"widget\" data-widget_type=\"uael-infobox.default\">\n\t\t\t\t<div class=\"elementor-widget-container\">\n\t\t\t\t\t\n<div class=\"uael-module-content uael-infobox uael-imgicon-style-normal  uael-infobox-left  infobox-has-photo uael-infobox-photo-above-title  uael-infobox-link-type-none\">\n\t<div class=\"uael-infobox-left-right-wrap\">\n\t\t\t\t\t\t<div class=\"uael-infobox-content\">\n\t\t\t\t\t\t\t<div class=\"uael-module-content uael-imgicon-wrap\">\t\t\t\t\t\t\t\t\t\t\t\n\t\t\t\t\t\t\t\t\t\t\t\t\t\t\t\t<div class=\"uael-image\" itemscope itemtype=\"http:\/\/schema.org\/ImageObject\">\n\t\t\t\t\t\t\t<div class=\"uael-image-content elementor-animation-\">\n\t\t\t\t\t\t\t\t\t\t\t\t\t\t\t<\/div>\n\t\t\t\t\t\t<\/div>\n\n\t\t\t\t\t\t\t\t\t<\/div>\n\t\t\t\t\t\t\t<div class='uael-infobox-title-wrap'><h3 class=\"uael-infobox-title elementor-inline-editing\" data-elementor-setting-key=\"infobox_title\" data-elementor-inline-editing-toolbar=\"basic\" >Historia y antecedentes del buitre negro en Portugal y Espa\u00f1a<\/h3><\/div>\t\t\t\t\t\t<div class=\"uael-separator-parent\">\n\t\t\t\t<div class=\"uael-separator\"><\/div>\n\t\t\t<\/div>\n\t\t\t\t\t\t\t\t\t<div class=\"uael-infobox-text-wrap\">\n\t\t\t\t<div class=\"uael-infobox-text elementor-inline-editing\" data-elementor-setting-key=\"infobox_description\" data-elementor-inline-editing-toolbar=\"advanced\">\n\t\t\t\t\t\t\t\t\t<\/div>\n\t\t\t\t\t\n\t\t\t\t\t\t\t<\/div>\n\t\t<\/div>\n\t\t\t<\/div>\n<\/div>\n\t\t\t\t<\/div>\n\t\t\t\t<\/div>\n\t\t\t\t<div class=\"elementor-element elementor-element-9b26ce3 elementor-widget elementor-widget-text-editor\" data-id=\"9b26ce3\" data-element_type=\"widget\" data-e-type=\"widget\" data-widget_type=\"text-editor.default\">\n\t\t\t\t<div class=\"elementor-widget-container\">\n\t\t\t\t\t\t\t\t\tEl buitre negro (<em>Aegypius monachus<\/em>) estuvo ampliamente distribuido en la Pen\u00ednsula Ib\u00e9rica y otras regiones de Europa, con miles de ejemplares surcando los cielos.\nSin embargo, a lo largo del siglo XX, su poblaci\u00f3n fue disminuyendo debido a la p\u00e9rdida de h\u00e1bitat, la mortalidad causada por campa\u00f1as de envenenamiento dirigidas a depredadores y la persecuci\u00f3n directa. Adem\u00e1s, las perturbaciones humanas, especialmente durante la temporada de reproducci\u00f3n, dificultaron el desarrollo de la especie en muchas partes del continente, llevando a su extinci\u00f3n en varias regiones.\t\t\t\t\t\t\t\t<\/div>\n\t\t\t\t<\/div>\n\t\t\t\t<div class=\"elementor-element elementor-element-c15960c elementor--v-position-bottom elementor--h-position-right elementor-arrows-position-inside elementor-widget elementor-widget-slides\" data-id=\"c15960c\" data-element_type=\"widget\" data-e-type=\"widget\" data-settings=\"{&quot;transition&quot;:&quot;fade&quot;,&quot;navigation&quot;:&quot;arrows&quot;,&quot;autoplay&quot;:&quot;yes&quot;,&quot;pause_on_hover&quot;:&quot;yes&quot;,&quot;pause_on_interaction&quot;:&quot;yes&quot;,&quot;autoplay_speed&quot;:5000,&quot;infinite&quot;:&quot;yes&quot;,&quot;transition_speed&quot;:500}\" data-widget_type=\"slides.default\">\n\t\t\t\t<div class=\"elementor-widget-container\">\n\t\t\t\t\t\t\t\t\t<div class=\"elementor-swiper\">\n\t\t\t\t\t<div class=\"elementor-slides-wrapper elementor-main-swiper swiper\" role=\"region\" aria-roledescription=\"carousel\" aria-label=\"Slides\" dir=\"ltr\" data-animation=\"\" data-no-translation-aria-label=\"\">\n\t\t\t\t<div class=\"swiper-wrapper elementor-slides\">\n\t\t\t\t\t\t\t\t\t\t<div class=\"elementor-repeater-item-693abd8 swiper-slide\" role=\"group\" aria-roledescription=\"slide\"><div class=\"swiper-slide-bg\" role=\"img\" aria-label=\"Cinerous Chick at Heradade da Contenda \u00a9 Pinto Moreira\"><\/div><div class=\"swiper-slide-inner\" ><div class=\"swiper-slide-contents\"><div class=\"elementor-slide-heading\">First-Cinereous-Vulture-chick-born-in-Herdade-da-Contenda-in-2015-after-the-species-recolonized-Alentejo-exercising-its-wings.-\u00a9Pinto-Moreira-Herdade-da-Contenda<\/div><\/div><\/div><\/div><div class=\"elementor-repeater-item-a7da533 swiper-slide\" role=\"group\" aria-roledescription=\"slide\"><div class=\"swiper-slide-bg\" role=\"img\" aria-label=\"First Cinereous Vulture chick born in Herdade da Contenda, in 2015, after the species recolonized Alentejo, southern Portugal \u00a9 Pinto Moreira-Herdade da Contenda\"><\/div><div class=\"swiper-slide-inner\" ><div class=\"swiper-slide-contents\"><div class=\"elementor-slide-heading\">First-Cinereous-Vulture-chick-born-in-Herdade-da-Contenda-in-2015-after-the-species-recolonized-Alentejo-southern-Portugal-\u00a9-Pinto-Moreira-Herdade-da-Contenda<\/div><\/div><\/div><\/div>\t\t\t\t<\/div>\n\t\t\t\t\t\t\t\t\t\t\t\t\t\t\t<div class=\"elementor-swiper-button elementor-swiper-button-prev\" role=\"button\" tabindex=\"0\" aria-label=\"Previous slide\" data-no-translation-aria-label=\"\">\n\t\t\t\t\t\t\t<i aria-hidden=\"true\" class=\"eicon-chevron-left\"><\/i>\t\t\t\t\t\t<\/div>\n\t\t\t\t\t\t<div class=\"elementor-swiper-button elementor-swiper-button-next\" role=\"button\" tabindex=\"0\" aria-label=\"Next slide\" data-no-translation-aria-label=\"\">\n\t\t\t\t\t\t\t<i aria-hidden=\"true\" class=\"eicon-chevron-right\"><\/i>\t\t\t\t\t\t<\/div>\n\t\t\t\t\t\t\t\t\t\t\t\t\t\t\t\t\t<\/div>\n\t\t\t\t<\/div>\n\t\t\t\t\t\t\t\t<\/div>\n\t\t\t\t<\/div>\n\t\t\t\t<div class=\"elementor-element elementor-element-2f40828 elementor-widget elementor-widget-text-editor\" data-id=\"2f40828\" data-element_type=\"widget\" data-e-type=\"widget\" data-widget_type=\"text-editor.default\">\n\t\t\t\t<div class=\"elementor-widget-container\">\n\t\t\t\t\t\t\t\t\t<p>En Portugal, la poblaci\u00f3n reproductora de buitre negro se extingui\u00f3 en la d\u00e9cada de 1970, mientras que en Espa\u00f1a la situaci\u00f3n tambi\u00e9n era alarmante: en 1973 s\u00f3lo quedaban un m\u00ednimo de 206 parejas. Desde entonces, la especie ha comenzado a recuperarse en Espa\u00f1a, gracias a la protecci\u00f3n legal efectiva, el fin de las campa\u00f1as de persecuci\u00f3n y envenenamiento, y la implementaci\u00f3n de medidas de conservaci\u00f3n espec\u00edficas.<strong>\u00a0<\/strong><\/p>\t\t\t\t\t\t\t\t<\/div>\n\t\t\t\t<\/div>\n\t\t\t\t<div class=\"elementor-element elementor-element-66a71a9 elementor-widget-divider--view-line elementor-widget elementor-widget-divider\" data-id=\"66a71a9\" data-element_type=\"widget\" data-e-type=\"widget\" data-widget_type=\"divider.default\">\n\t\t\t\t<div class=\"elementor-widget-container\">\n\t\t\t\t\t\t\t<div class=\"elementor-divider\">\n\t\t\t<span class=\"elementor-divider-separator\">\n\t\t\t\t\t\t<\/span>\n\t\t<\/div>\n\t\t\t\t\t\t<\/div>\n\t\t\t\t<\/div>\n\t\t\t\t<div class=\"elementor-element elementor-element-1ebc9c0 elementor-widget elementor-widget-uael-infobox\" data-id=\"1ebc9c0\" data-element_type=\"widget\" data-e-type=\"widget\" data-widget_type=\"uael-infobox.default\">\n\t\t\t\t<div class=\"elementor-widget-container\">\n\t\t\t\t\t\n<div class=\"uael-module-content uael-infobox uael-imgicon-style-normal  uael-infobox-left  infobox-has-photo uael-infobox-photo-above-title  uael-infobox-link-type-none\">\n\t<div class=\"uael-infobox-left-right-wrap\">\n\t\t\t\t\t\t<div class=\"uael-infobox-content\">\n\t\t\t\t\t\t\t<div class=\"uael-module-content uael-imgicon-wrap\">\t\t\t\t\t\t\t\t\t\t\t\n\t\t\t\t\t\t\t\t\t\t\t\t\t\t\t\t<div class=\"uael-image\" itemscope itemtype=\"http:\/\/schema.org\/ImageObject\">\n\t\t\t\t\t\t\t<div class=\"uael-image-content elementor-animation-\">\n\t\t\t\t\t\t\t\t\t\t\t\t\t\t\t<\/div>\n\t\t\t\t\t\t<\/div>\n\n\t\t\t\t\t\t\t\t\t<\/div>\n\t\t\t\t\t\t\t<div class='uael-infobox-title-wrap'><h3 class=\"uael-infobox-title elementor-inline-editing\" data-elementor-setting-key=\"infobox_title\" data-elementor-inline-editing-toolbar=\"basic\" >Estado actual de conservaci\u00f3n del buitre negro en Portugal y Espa\u00f1a<\/h3><\/div>\t\t\t\t\t\t<div class=\"uael-separator-parent\">\n\t\t\t\t<div class=\"uael-separator\"><\/div>\n\t\t\t<\/div>\n\t\t\t\t\t\t\t\t\t<div class=\"uael-infobox-text-wrap\">\n\t\t\t\t<div class=\"uael-infobox-text elementor-inline-editing\" data-elementor-setting-key=\"infobox_description\" data-elementor-inline-editing-toolbar=\"advanced\">\n\t\t\t\t\t\t\t\t\t<\/div>\n\t\t\t\t\t\n\t\t\t\t\t\t\t<\/div>\n\t\t<\/div>\n\t\t\t<\/div>\n<\/div>\n\t\t\t\t<\/div>\n\t\t\t\t<\/div>\n\t\t\t\t<section class=\"elementor-section elementor-inner-section elementor-element elementor-element-c879920 elementor-section-boxed elementor-section-height-default elementor-section-height-default\" data-id=\"c879920\" data-element_type=\"section\" data-e-type=\"section\">\n\t\t\t\t\t\t<div class=\"elementor-container elementor-column-gap-no\">\n\t\t\t\t\t<div class=\"elementor-column elementor-col-33 elementor-inner-column elementor-element elementor-element-66b8cfd\" data-id=\"66b8cfd\" data-element_type=\"column\" data-e-type=\"column\">\n\t\t\t<div class=\"elementor-widget-wrap elementor-element-populated\">\n\t\t\t\t\t\t<div class=\"elementor-element elementor-element-2a72b55 elementor-position-top elementor-widget elementor-widget-image-box\" data-id=\"2a72b55\" data-element_type=\"widget\" data-e-type=\"widget\" data-widget_type=\"image-box.default\">\n\t\t\t\t<div class=\"elementor-widget-container\">\n\t\t\t\t\t<div class=\"elementor-image-box-wrapper\"><figure class=\"elementor-image-box-img\"><img fetchpriority=\"high\" decoding=\"async\" width=\"2048\" height=\"2048\" src=\"https:\/\/4vultures.org\/wp-content\/uploads\/2023\/04\/Near-Threatened_Status_iucn_NT_icon.svg.png\" class=\"attachment-full size-full wp-image-30810\" alt=\"\" srcset=\"https:\/\/4vultures.org\/wp-content\/uploads\/2023\/04\/Near-Threatened_Status_iucn_NT_icon.svg.png 2048w, https:\/\/4vultures.org\/wp-content\/uploads\/2023\/04\/Near-Threatened_Status_iucn_NT_icon.svg-300x300.png 300w, https:\/\/4vultures.org\/wp-content\/uploads\/2023\/04\/Near-Threatened_Status_iucn_NT_icon.svg-1024x1024.png 1024w, https:\/\/4vultures.org\/wp-content\/uploads\/2023\/04\/Near-Threatened_Status_iucn_NT_icon.svg-150x150.png 150w, https:\/\/4vultures.org\/wp-content\/uploads\/2023\/04\/Near-Threatened_Status_iucn_NT_icon.svg-768x768.png 768w, https:\/\/4vultures.org\/wp-content\/uploads\/2023\/04\/Near-Threatened_Status_iucn_NT_icon.svg-1536x1536.png 1536w, https:\/\/4vultures.org\/wp-content\/uploads\/2023\/04\/Near-Threatened_Status_iucn_NT_icon.svg-12x12.png 12w\" sizes=\"(max-width: 2048px) 100vw, 2048px\" \/><\/figure><div class=\"elementor-image-box-content\"><h4 class=\"elementor-image-box-title\">Estado en todo el mundo<\/h4><p class=\"elementor-image-box-description\">Casi amenazada (poblaci\u00f3n en disminuci\u00f3n)<\/p><\/div><\/div>\t\t\t\t<\/div>\n\t\t\t\t<\/div>\n\t\t\t\t\t<\/div>\n\t\t<\/div>\n\t\t\t\t<div class=\"elementor-column elementor-col-33 elementor-inner-column elementor-element elementor-element-f136547\" data-id=\"f136547\" data-element_type=\"column\" data-e-type=\"column\">\n\t\t\t<div class=\"elementor-widget-wrap elementor-element-populated\">\n\t\t\t\t\t\t<div class=\"elementor-element elementor-element-bfb82f4 elementor-position-top elementor-widget elementor-widget-image-box\" data-id=\"bfb82f4\" data-element_type=\"widget\" data-e-type=\"widget\" data-widget_type=\"image-box.default\">\n\t\t\t\t<div class=\"elementor-widget-container\">\n\t\t\t\t\t<div class=\"elementor-image-box-wrapper\"><figure class=\"elementor-image-box-img\"><img decoding=\"async\" width=\"640\" height=\"640\" src=\"https:\/\/4vultures.org\/wp-content\/uploads\/2023\/04\/Critically-Endangered_Status_iucn_CR_icon.svg.png\" class=\"attachment-full size-full wp-image-30812\" alt=\"\" srcset=\"https:\/\/4vultures.org\/wp-content\/uploads\/2023\/04\/Critically-Endangered_Status_iucn_CR_icon.svg.png 640w, https:\/\/4vultures.org\/wp-content\/uploads\/2023\/04\/Critically-Endangered_Status_iucn_CR_icon.svg-300x300.png 300w, https:\/\/4vultures.org\/wp-content\/uploads\/2023\/04\/Critically-Endangered_Status_iucn_CR_icon.svg-150x150.png 150w, https:\/\/4vultures.org\/wp-content\/uploads\/2023\/04\/Critically-Endangered_Status_iucn_CR_icon.svg-12x12.png 12w\" sizes=\"(max-width: 640px) 100vw, 640px\" \/><\/figure><div class=\"elementor-image-box-content\"><h4 class=\"elementor-image-box-title\">Estado en Portugal<\/h4><p class=\"elementor-image-box-description\">En Peligro<\/p><\/div><\/div>\t\t\t\t<\/div>\n\t\t\t\t<\/div>\n\t\t\t\t\t<\/div>\n\t\t<\/div>\n\t\t\t\t<div class=\"elementor-column elementor-col-33 elementor-inner-column elementor-element elementor-element-4a6d0a4\" data-id=\"4a6d0a4\" data-element_type=\"column\" data-e-type=\"column\">\n\t\t\t<div class=\"elementor-widget-wrap elementor-element-populated\">\n\t\t\t\t\t\t<div class=\"elementor-element elementor-element-668abf7 elementor-position-top elementor-widget elementor-widget-image-box\" data-id=\"668abf7\" data-element_type=\"widget\" data-e-type=\"widget\" data-widget_type=\"image-box.default\">\n\t\t\t\t<div class=\"elementor-widget-container\">\n\t\t\t\t\t<div class=\"elementor-image-box-wrapper\"><figure class=\"elementor-image-box-img\"><img decoding=\"async\" width=\"2048\" height=\"2048\" src=\"https:\/\/4vultures.org\/wp-content\/uploads\/2023\/04\/Vulnerable_Status_iucn_VU_icon.svg.png\" class=\"attachment-full size-full wp-image-30813\" alt=\"\" srcset=\"https:\/\/4vultures.org\/wp-content\/uploads\/2023\/04\/Vulnerable_Status_iucn_VU_icon.svg.png 2048w, https:\/\/4vultures.org\/wp-content\/uploads\/2023\/04\/Vulnerable_Status_iucn_VU_icon.svg-300x300.png 300w, https:\/\/4vultures.org\/wp-content\/uploads\/2023\/04\/Vulnerable_Status_iucn_VU_icon.svg-1024x1024.png 1024w, https:\/\/4vultures.org\/wp-content\/uploads\/2023\/04\/Vulnerable_Status_iucn_VU_icon.svg-150x150.png 150w, https:\/\/4vultures.org\/wp-content\/uploads\/2023\/04\/Vulnerable_Status_iucn_VU_icon.svg-768x768.png 768w, https:\/\/4vultures.org\/wp-content\/uploads\/2023\/04\/Vulnerable_Status_iucn_VU_icon.svg-1536x1536.png 1536w, https:\/\/4vultures.org\/wp-content\/uploads\/2023\/04\/Vulnerable_Status_iucn_VU_icon.svg-12x12.png 12w\" sizes=\"(max-width: 2048px) 100vw, 2048px\" \/><\/figure><div class=\"elementor-image-box-content\"><h4 class=\"elementor-image-box-title\">Estado en Espa\u00f1a<\/h4><p class=\"elementor-image-box-description\">Vulnerable<\/p><\/div><\/div>\t\t\t\t<\/div>\n\t\t\t\t<\/div>\n\t\t\t\t\t<\/div>\n\t\t<\/div>\n\t\t\t\t\t<\/div>\n\t\t<\/section>\n\t\t\t\t<div class=\"elementor-element elementor-element-316de9c elementor-widget elementor-widget-text-editor\" data-id=\"316de9c\" data-element_type=\"widget\" data-e-type=\"widget\" data-widget_type=\"text-editor.default\">\n\t\t\t\t<div class=\"elementor-widget-container\">\n\t\t\t\t\t\t\t\t\t<p>El rango de poblaci\u00f3n del buitre negro  ha sido significativamente reducido por las amenazas humanas. Actualmente, la poblaci\u00f3n en Europa se divide entre una poblaci\u00f3n occidental en la Pen\u00ednsula Ib\u00e9rica y otra reintroducida en Francia, mientras que una poblaci\u00f3n oriental m\u00e1s peque\u00f1a se encuentra en Grecia y Bulgaria, esta \u00faltima reintroducida a trav\u00e9s del proyecto Vultures Back to LIFE).\u00a0<\/p><p>Desde los a\u00f1os 80, la poblaci\u00f3n de buitre negro ha experimentado una recuperaci\u00f3n progresiva en Espa\u00f1a, pasando de 250 parejas reproductoras en esa d\u00e9cada a aproximadamente 3000 en la actualidad. El seguimiento anual de las poblaciones locales muestra un crecimiento sostenido en varias zonas. Por ejemplo, en 2020 se registraron aumentos notables en las dos colonias reproductoras en las dos colonias reproductoras m\u00e1s importantes de Europa, ubicadas en Extremadura: la Sierra de San Pedro experiment\u00f3 un incremento del 51% y el Parque Nacional de Monfrag\u00fce registr\u00f3 un aumento del 24% desde 2016. Este crecimiento permiti\u00f3 a la Junta de Extremadura apoyar  proyectos de reintroducci\u00f3n en Francia y Bulgaria mediante la donaci\u00f3n de aves para su eventual liberaci\u00f3n en la naturaleza. Adem\u00e1s, tras una ausencia de 50 a\u00f1os, la especie regres\u00f3 a la Sierra de la Demanda, cerca de Burgos, con unas 20 parejas reproductoras registradas en 2022, gracias a un proyecto de reintroducci\u00f3n liderado por GREFA.<\/p><p>El crecimiento de la poblaci\u00f3n de buitre negro en Espa\u00f1a, junto con los esfuerzos de conservaci\u00f3n que apoyan a las especies carro\u00f1eras en Portugal, ha permitido que la especie recolonice Portugal de forma natural, con aves procedentes de las colonias espa\u00f1olas cercanas. La primera pareja reproductora se estableci\u00f3 en 2010 y, desde entonces, la poblaci\u00f3n de buitre negro en Portugal ha seguido aumentando. De unas pocas parejas y una colonia inicial, la poblaci\u00f3n reproductora creci\u00f3 hasta alcanzar 40 parejas en cuatro colonias en 2022. Aunque el crecimiento de la poblaci\u00f3n en Espa\u00f1a fue el principal motor de esta expansi\u00f3n, los proyectos en Portugal tambi\u00e9n han sido igualmente clave para beneficiar a esta especie carro\u00f1era. , En particular, el proyecto LIFE Rupis en la regi\u00f3n del Duero y el proyecto LIFE Habitat Lince Abutre en el Alentejo, que impuls\u00f3 el establecimiento de una nueva colonia de buitre negro en la Herdade da Contenda.<\/p>\t\t\t\t\t\t\t\t<\/div>\n\t\t\t\t<\/div>\n\t\t\t\t<div class=\"elementor-element elementor-element-7a785da elementor-widget elementor-widget-image\" data-id=\"7a785da\" data-element_type=\"widget\" data-e-type=\"widget\" data-widget_type=\"image.default\">\n\t\t\t\t<div class=\"elementor-widget-container\">\n\t\t\t\t\t\t\t\t\t\t\t\t<figure class=\"wp-caption\">\n\t\t\t\t\t\t\t\t\t\t<img loading=\"lazy\" decoding=\"async\" width=\"774\" height=\"1024\" src=\"https:\/\/4vultures.org\/wp-content\/uploads\/2023\/04\/Juvenile-Cinereous-Vulture-in-the-nest-774x1024.png\" class=\"attachment-large size-large wp-image-30006\" alt=\"\" srcset=\"https:\/\/4vultures.org\/wp-content\/uploads\/2023\/04\/Juvenile-Cinereous-Vulture-in-the-nest-774x1024.png 774w, https:\/\/4vultures.org\/wp-content\/uploads\/2023\/04\/Juvenile-Cinereous-Vulture-in-the-nest-227x300.png 227w, https:\/\/4vultures.org\/wp-content\/uploads\/2023\/04\/Juvenile-Cinereous-Vulture-in-the-nest-768x1016.png 768w, https:\/\/4vultures.org\/wp-content\/uploads\/2023\/04\/Juvenile-Cinereous-Vulture-in-the-nest-9x12.png 9w, https:\/\/4vultures.org\/wp-content\/uploads\/2023\/04\/Juvenile-Cinereous-Vulture-in-the-nest.png 816w\" sizes=\"(max-width: 774px) 100vw, 774px\" \/>\t\t\t\t\t\t\t\t\t\t\t<figcaption class=\"widget-image-caption wp-caption-text\">Juvenile Cinereous Vulture in the nest \u00a9 Carlos Pacheco<\/figcaption>\n\t\t\t\t\t\t\t\t\t\t<\/figure>\n\t\t\t\t\t\t\t\t\t<\/div>\n\t\t\t\t<\/div>\n\t\t\t\t<div class=\"elementor-element elementor-element-043e767 elementor-widget elementor-widget-text-editor\" data-id=\"043e767\" data-element_type=\"widget\" data-e-type=\"widget\" data-widget_type=\"text-editor.default\">\n\t\t\t\t<div class=\"elementor-widget-container\">\n\t\t\t\t\t\t\t\t\t<p>Sin embargo, el proceso de recolonizaci\u00f3n natural es lento y limitado, ya que la especie es colonial, altamente filop\u00e1trica y suele evitar recolonizar \u00e1reas alejadas de las colonias establecidas. Las colonias reproductoras en Portugal siguen siendo fr\u00e1giles debido al peque\u00f1o n\u00famero de parejas, la limitada extensi\u00f3n de las \u00e1reas de cr\u00eda y la escasa conectividad entre colonias, lo que las hace vulnerables a eventos estoc\u00e1sticos como incendios o envenenamientos. Adem\u00e1s, las aves provenientes de las colonias espa\u00f1olas tienen una menor probabilidad de buscar alimento en Portugal debido a la falta de recursos alimentarios y cad\u00e1veres. Esto   ralentiza la dispersi\u00f3n hacia zonas potencialmente favorables en el territ\u00f3rio portugu\u00e9s y dificulta la recolonizaci\u00f3n.<\/p><p>Por lo tanto, para asegurar el crecimiento sostenido de las colonias de buitre negro en Portugal y garantizar su viabilidad futura, es crucial implementar un proyecto espec\u00edfico que complemente la din\u00e1mica positiva proveniente de la poblaci\u00f3n espa\u00f1ola.<\/p>\t\t\t\t\t\t\t\t<\/div>\n\t\t\t\t<\/div>\n\t\t\t\t<div class=\"elementor-element elementor-element-0eefd34 elementor-widget-divider--view-line elementor-widget elementor-widget-divider\" data-id=\"0eefd34\" data-element_type=\"widget\" data-e-type=\"widget\" data-widget_type=\"divider.default\">\n\t\t\t\t<div class=\"elementor-widget-container\">\n\t\t\t\t\t\t\t<div class=\"elementor-divider\">\n\t\t\t<span class=\"elementor-divider-separator\">\n\t\t\t\t\t\t<\/span>\n\t\t<\/div>\n\t\t\t\t\t\t<\/div>\n\t\t\t\t<\/div>\n\t\t\t\t<div class=\"elementor-element elementor-element-94e87b7 elementor-widget elementor-widget-uael-infobox\" data-id=\"94e87b7\" data-element_type=\"widget\" data-e-type=\"widget\" data-widget_type=\"uael-infobox.default\">\n\t\t\t\t<div class=\"elementor-widget-container\">\n\t\t\t\t\t\n<div class=\"uael-module-content uael-infobox uael-imgicon-style-normal  uael-infobox-left  infobox-has-photo uael-infobox-photo-above-title  uael-infobox-link-type-none\">\n\t<div class=\"uael-infobox-left-right-wrap\">\n\t\t\t\t\t\t<div class=\"uael-infobox-content\">\n\t\t\t\t\t\t\t<div class=\"uael-module-content uael-imgicon-wrap\">\t\t\t\t\t\t\t\t\t\t\t\n\t\t\t\t\t\t\t\t\t\t\t\t\t\t\t\t<div class=\"uael-image\" itemscope itemtype=\"http:\/\/schema.org\/ImageObject\">\n\t\t\t\t\t\t\t<div class=\"uael-image-content elementor-animation-\">\n\t\t\t\t\t\t\t\t\t\t\t\t\t\t\t<\/div>\n\t\t\t\t\t\t<\/div>\n\n\t\t\t\t\t\t\t\t\t<\/div>\n\t\t\t\t\t\t\t<div class='uael-infobox-title-wrap'><h3 class=\"uael-infobox-title elementor-inline-editing\" data-elementor-setting-key=\"infobox_title\" data-elementor-inline-editing-toolbar=\"basic\" >Esperanza de futuro para la recuperaci\u00f3n de la especie <\/h3><\/div>\t\t\t\t\t\t<div class=\"uael-separator-parent\">\n\t\t\t\t<div class=\"uael-separator\"><\/div>\n\t\t\t<\/div>\n\t\t\t\t\t\t\t\t\t<div class=\"uael-infobox-text-wrap\">\n\t\t\t\t<div class=\"uael-infobox-text elementor-inline-editing\" data-elementor-setting-key=\"infobox_description\" data-elementor-inline-editing-toolbar=\"advanced\">\n\t\t\t\t\tHay esperanza para el futuro del buitre negro en Portugal y el oeste de Espa\u00f1a. Para garantizar un estado de conservaci\u00f3n favorable a largo plazo del buitre negro en Portugal, el proyecto LIFE Aegypius Return tiene como objetivo mejorar su h\u00e1bitat y sus condiciones de alimentaci\u00f3n, limitar las amenazas, reforzar la poblaci\u00f3n y fortalecer las capacidades nacionales. Esta iniciativa transnacional,  en colaboraci\u00f3n con beneficiarios de Portugal y Espa\u00f1a, est\u00e1 trabajando para la recuperaci\u00f3n de la especie en la zona fronteriza de Portugal, un esfuerzo que depende y se ve potenciado por la conexi\u00f3n con la poblaci\u00f3n espa\u00f1ola.\n<br> <br> \nA corto plazo, el proyecto pretende duplicar la poblaci\u00f3n reproductora de buitres negros en Portugal, pasando de 40 parejas en 4 colonias a al menos 80 parejas en al menos 5 sitios. Se aspira a aumentar la tasa de \u00e9xito reproductivo, actualmente de 0,38 en Portugal, a 0,5 o m\u00e1s. Este crecimiento en el n\u00famero de parejas y sitios reproductores mejorar\u00e1 la conectividad entre las colonias, incluidas las de Espa\u00f1a, fomentando as\u00ed una poblaci\u00f3n portuguesa m\u00e1s sostenible.\n<br> <br> \nEl objetivo final del proyecto es mejorar el estado de conservaci\u00f3n del buitre negro en Portugal, pasando de \u201cEn Peligro Cr\u00edtico\u201d a \u201cEn Peligro de extinci\u00f3n\u201d al final del proyecto. En general, los esfuerzos continuos para proteger y conservar la especie son cruciales para asegurar su supervivencia y mantener la salud y el equilibrio de los ecosistemas en los que habita.\n\t\t\t\t<\/div>\n\t\t\t\t\t\n\t\t\t\t\t\t\t<\/div>\n\t\t<\/div>\n\t\t\t<\/div>\n<\/div>\n\t\t\t\t<\/div>\n\t\t\t\t<\/div>\n\t\t\t\t\t<\/div>\n\t\t<\/div>\n\t\t\t\t\t<\/div>\n\t\t<\/section>\n\t\t\t\t<section class=\"elementor-section elementor-top-section elementor-element elementor-element-21b5e9c elementor-section-boxed elementor-section-height-default elementor-section-height-default\" data-id=\"21b5e9c\" data-element_type=\"section\" data-e-type=\"section\">\n\t\t\t\t\t\t<div class=\"elementor-container elementor-column-gap-no\">\n\t\t\t\t\t<div class=\"elementor-column elementor-col-100 elementor-top-column elementor-element elementor-element-a3c8f99\" data-id=\"a3c8f99\" data-element_type=\"column\" data-e-type=\"column\">\n\t\t\t<div class=\"elementor-widget-wrap elementor-element-populated\">\n\t\t\t\t\t\t<div class=\"elementor-element elementor-element-ace1a65 elementor-position-inline-start elementor-mobile-position-inline-start elementor-view-default elementor-widget elementor-widget-icon-box\" data-id=\"ace1a65\" data-element_type=\"widget\" data-e-type=\"widget\" data-widget_type=\"icon-box.default\">\n\t\t\t\t<div class=\"elementor-widget-container\">\n\t\t\t\t\t\t\t<div class=\"elementor-icon-box-wrapper\">\n\n\t\t\t\t\t\t<div class=\"elementor-icon-box-icon\">\n\t\t\t\t<span  class=\"elementor-icon elementor-animation-bounce-in\">\n\t\t\t\t<i aria-hidden=\"true\" class=\"fas fa-long-arrow-alt-right\"><\/i>\t\t\t\t<\/span>\n\t\t\t<\/div>\n\t\t\t\n\t\t\t\t\t\t<div class=\"elementor-icon-box-content\">\n\n\t\t\t\t\t\t\t\t\t<h4 class=\"elementor-icon-box-title\">\n\t\t\t\t\t\t<span  >\n\t\t\t\t\t\t\tDescubra los pasos concretos que dar\u00e1 el proyecto para promover el crecimiento de la poblaci\u00f3n del buitre negro en Portugal. \t\t\t\t\t\t<\/span>\n\t\t\t\t\t<\/h4>\n\t\t\t\t\n\t\t\t\t\n\t\t\t<\/div>\n\t\t\t\n\t\t<\/div>\n\t\t\t\t\t\t<\/div>\n\t\t\t\t<\/div>\n\t\t\t\t<section class=\"elementor-section elementor-inner-section elementor-element elementor-element-e5bb17d elementor-section-boxed elementor-section-height-default elementor-section-height-default\" data-id=\"e5bb17d\" data-element_type=\"section\" data-e-type=\"section\">\n\t\t\t\t\t\t<div class=\"elementor-container elementor-column-gap-no\">\n\t\t\t\t\t<div class=\"elementor-column elementor-col-100 elementor-inner-column elementor-element elementor-element-63ddc85\" data-id=\"63ddc85\" data-element_type=\"column\" data-e-type=\"column\">\n\t\t\t<div class=\"elementor-widget-wrap elementor-element-populated\">\n\t\t\t\t\t\t<div class=\"elementor-element elementor-element-f84000e elementor-cta--skin-cover elementor-cta--valign-bottom elementor-bg-transform elementor-bg-transform-move-down elementor-widget elementor-widget-call-to-action\" data-id=\"f84000e\" data-element_type=\"widget\" data-e-type=\"widget\" data-widget_type=\"call-to-action.default\">\n\t\t\t\t<div class=\"elementor-widget-container\">\n\t\t\t\t\t\t\t<div class=\"elementor-cta\">\n\t\t\t\t\t<div class=\"elementor-cta__bg-wrapper\">\n\t\t\t\t<div class=\"elementor-cta__bg elementor-bg\" style=\"background-image: url(https:\/\/4vultures.org\/wp-content\/uploads\/2023\/03\/ACTIONS-1-1024x967.png);\" role=\"img\" aria-label=\"ACTIONS\"><\/div>\n\t\t\t\t<div class=\"elementor-cta__bg-overlay\"><\/div>\n\t\t\t<\/div>\n\t\t\t\t\t\t\t<div class=\"elementor-cta__content\">\n\t\t\t\t\n\t\t\t\t\t\t\t\t\t<h3 class=\"elementor-cta__title elementor-cta__content-item elementor-content-item\">\n\t\t\t\t\t\tAcciones del proyecto \t\t\t\t\t<\/h3>\n\t\t\t\t\n\t\t\t\t\n\t\t\t\t\t\t\t\t\t<div class=\"elementor-cta__button-wrapper elementor-cta__content-item elementor-content-item\">\n\t\t\t\t\t<a class=\"elementor-cta__button elementor-button elementor-size-\" href=\"https:\/\/4vultures.org\/es\/life-aegypius-return\/project\/actions\/\">\n\t\t\t\t\t\tSaber mais \t\t\t\t\t<\/a>\n\t\t\t\t\t<\/div>\n\t\t\t\t\t\t\t<\/div>\n\t\t\t\t\t\t<\/div>\n\t\t\t\t\t\t<\/div>\n\t\t\t\t<\/div>\n\t\t\t\t\t<\/div>\n\t\t<\/div>\n\t\t\t\t\t<\/div>\n\t\t<\/section>\n\t\t\t\t\t<\/div>\n\t\t<\/div>\n\t\t\t\t\t<\/div>\n\t\t<\/section>\n\t\t\t\t<\/div>","protected":false},"excerpt":{"rendered":"<p>The Cinereous Vulture History and conservation status of the species in Portugal and Spain History and conservation status of the species in Portugal and Spain During the 20th century, the once-common sight of a Cinereous Vulture soaring through the skies became increasingly rare across Europe, including the Iberian Peninsula, due to several threats. These threats [&hellip;]<\/p>\n","protected":false},"author":1,"featured_media":0,"parent":27797,"menu_order":0,"comment_status":"closed","ping_status":"closed","template":"","meta":{"_uag_custom_page_level_css":"","site-sidebar-layout":"no-sidebar","site-content-layout":"page-builder","ast-site-content-layout":"full-width-container","site-content-style":"unboxed","site-sidebar-style":"unboxed","ast-global-header-display":"","ast-banner-title-visibility":"","ast-main-header-display":"","ast-hfb-above-header-display":"","ast-hfb-below-header-display":"","ast-hfb-mobile-header-display":"","site-post-title":"disabled","ast-breadcrumbs-content":"","ast-featured-img":"disabled","footer-sml-layout":"","ast-disable-related-posts":"","theme-transparent-header-meta":"","adv-header-id-meta":"","stick-header-meta":"","header-above-stick-meta":"","header-main-stick-meta":"","header-below-stick-meta":"","astra-migrate-meta-layouts":"set","ast-page-background-enabled":"default","ast-page-background-meta":{"desktop":{"background-color":"","background-image":"","background-repeat":"repeat","background-position":"center center","background-size":"auto","background-attachment":"scroll","background-type":"","background-media":"","overlay-type":"","overlay-color":"","overlay-opacity":"","overlay-gradient":""},"tablet":{"background-color":"","background-image":"","background-repeat":"repeat","background-position":"center center","background-size":"auto","background-attachment":"scroll","background-type":"","background-media":"","overlay-type":"","overlay-color":"","overlay-opacity":"","overlay-gradient":""},"mobile":{"background-color":"","background-image":"","background-repeat":"repeat","background-position":"center center","background-size":"auto","background-attachment":"scroll","background-type":"","background-media":"","overlay-type":"","overlay-color":"","overlay-opacity":"","overlay-gradient":""}},"ast-content-background-meta":{"desktop":{"background-color":"var(--ast-global-color-5)","background-image":"","background-repeat":"repeat","background-position":"center center","background-size":"auto","background-attachment":"scroll","background-type":"","background-media":"","overlay-type":"","overlay-color":"","overlay-opacity":"","overlay-gradient":""},"tablet":{"background-color":"var(--ast-global-color-5)","background-image":"","background-repeat":"repeat","background-position":"center center","background-size":"auto","background-attachment":"scroll","background-type":"","background-media":"","overlay-type":"","overlay-color":"","overlay-opacity":"","overlay-gradient":""},"mobile":{"background-color":"var(--ast-global-color-5)","background-image":"","background-repeat":"repeat","background-position":"center center","background-size":"auto","background-attachment":"scroll","background-type":"","background-media":"","overlay-type":"","overlay-color":"","overlay-opacity":"","overlay-gradient":""}},"footnotes":""},"class_list":["post-27846","page","type-page","status-publish","hentry"],"yoast_head":"<!-- This site is optimized with the Yoast SEO plugin v27.2 - https:\/\/yoast.com\/product\/yoast-seo-wordpress\/ -->\n<title>History and conservation status of the species in Portugal and Spain - Vulture Conservation Foundation<\/title>\n<meta name=\"robots\" content=\"index, follow, max-snippet:-1, max-image-preview:large, max-video-preview:-1\" \/>\n<link rel=\"canonical\" href=\"https:\/\/4vultures.org\/es\/life-aegypius-return\/the-cinereous-vulture\/history-and-conservation-status-in-portugal-and-spain\/\" \/>\n<meta property=\"og:locale\" content=\"es_ES\" \/>\n<meta property=\"og:type\" content=\"article\" \/>\n<meta property=\"og:title\" content=\"History and conservation status of the species in Portugal and Spain - Vulture Conservation Foundation\" \/>\n<meta property=\"og:description\" content=\"The Cinereous Vulture History and conservation status of the species in Portugal and Spain History and conservation status of the species in Portugal and Spain During the 20th century, the once-common sight of a Cinereous Vulture soaring through the skies became increasingly rare across Europe, including the Iberian Peninsula, due to several threats. These threats [&hellip;]\" \/>\n<meta property=\"og:url\" content=\"https:\/\/4vultures.org\/es\/life-aegypius-return\/the-cinereous-vulture\/history-and-conservation-status-in-portugal-and-spain\/\" \/>\n<meta property=\"og:site_name\" content=\"Vulture Conservation Foundation\" \/>\n<meta property=\"article:modified_time\" content=\"2025-05-05T12:43:42+00:00\" \/>\n<meta property=\"og:image\" content=\"http:\/\/4vultures.org\/wp-content\/uploads\/2023\/04\/Near-Threatened_Status_iucn_NT_icon.svg.png\" \/>\n<meta name=\"twitter:card\" content=\"summary_large_image\" \/>\n<script type=\"application\/ld+json\" class=\"yoast-schema-graph\">{\"@context\":\"https:\/\/schema.org\",\"@graph\":[{\"@type\":\"WebPage\",\"@id\":\"https:\/\/4vultures.org\/life-aegypius-return\/the-cinereous-vulture\/history-and-conservation-status-in-portugal-and-spain\/\",\"url\":\"https:\/\/4vultures.org\/life-aegypius-return\/the-cinereous-vulture\/history-and-conservation-status-in-portugal-and-spain\/\",\"name\":\"History and conservation status of the species in Portugal and Spain - Vulture Conservation Foundation\",\"isPartOf\":{\"@id\":\"https:\/\/4vultures.org\/#website\"},\"primaryImageOfPage\":{\"@id\":\"https:\/\/4vultures.org\/life-aegypius-return\/the-cinereous-vulture\/history-and-conservation-status-in-portugal-and-spain\/#primaryimage\"},\"image\":{\"@id\":\"https:\/\/4vultures.org\/life-aegypius-return\/the-cinereous-vulture\/history-and-conservation-status-in-portugal-and-spain\/#primaryimage\"},\"thumbnailUrl\":\"http:\/\/4vultures.org\/wp-content\/uploads\/2023\/04\/Near-Threatened_Status_iucn_NT_icon.svg.png\",\"datePublished\":\"2023-03-22T14:14:40+00:00\",\"dateModified\":\"2025-05-05T12:43:42+00:00\",\"breadcrumb\":{\"@id\":\"https:\/\/4vultures.org\/life-aegypius-return\/the-cinereous-vulture\/history-and-conservation-status-in-portugal-and-spain\/#breadcrumb\"},\"inLanguage\":\"es\",\"potentialAction\":[{\"@type\":\"ReadAction\",\"target\":[\"https:\/\/4vultures.org\/life-aegypius-return\/the-cinereous-vulture\/history-and-conservation-status-in-portugal-and-spain\/\"]}]},{\"@type\":\"ImageObject\",\"inLanguage\":\"es\",\"@id\":\"https:\/\/4vultures.org\/life-aegypius-return\/the-cinereous-vulture\/history-and-conservation-status-in-portugal-and-spain\/#primaryimage\",\"url\":\"http:\/\/4vultures.org\/wp-content\/uploads\/2023\/04\/Near-Threatened_Status_iucn_NT_icon.svg.png\",\"contentUrl\":\"http:\/\/4vultures.org\/wp-content\/uploads\/2023\/04\/Near-Threatened_Status_iucn_NT_icon.svg.png\"},{\"@type\":\"BreadcrumbList\",\"@id\":\"https:\/\/4vultures.org\/life-aegypius-return\/the-cinereous-vulture\/history-and-conservation-status-in-portugal-and-spain\/#breadcrumb\",\"itemListElement\":[{\"@type\":\"ListItem\",\"position\":1,\"name\":\"Home\",\"item\":\"https:\/\/4vultures.org\/\"},{\"@type\":\"ListItem\",\"position\":2,\"name\":\"LIFE Aegypius Return\",\"item\":\"https:\/\/4vultures.org\/life-aegypius-return\/\"},{\"@type\":\"ListItem\",\"position\":3,\"name\":\"The Cinereous Vulture\",\"item\":\"https:\/\/4vultures.org\/life-aegypius-return\/the-cinereous-vulture\/\"},{\"@type\":\"ListItem\",\"position\":4,\"name\":\"History and conservation status of the species in Portugal and Spain\"}]},{\"@type\":\"WebSite\",\"@id\":\"https:\/\/4vultures.org\/#website\",\"url\":\"https:\/\/4vultures.org\/\",\"name\":\"Vulture Conservation Foundation\",\"description\":\"\",\"publisher\":{\"@id\":\"https:\/\/4vultures.org\/#organization\"},\"potentialAction\":[{\"@type\":\"SearchAction\",\"target\":{\"@type\":\"EntryPoint\",\"urlTemplate\":\"https:\/\/4vultures.org\/?s={search_term_string}\"},\"query-input\":{\"@type\":\"PropertyValueSpecification\",\"valueRequired\":true,\"valueName\":\"search_term_string\"}}],\"inLanguage\":\"es\"},{\"@type\":\"Organization\",\"@id\":\"https:\/\/4vultures.org\/#organization\",\"name\":\"Vulture Conservation Foundation\",\"url\":\"https:\/\/4vultures.org\/\",\"logo\":{\"@type\":\"ImageObject\",\"inLanguage\":\"es\",\"@id\":\"https:\/\/4vultures.org\/#\/schema\/logo\/image\/\",\"url\":\"https:\/\/4vultures.org\/wp-content\/uploads\/2021\/07\/logo.svg\",\"contentUrl\":\"https:\/\/4vultures.org\/wp-content\/uploads\/2021\/07\/logo.svg\",\"width\":522.503,\"height\":154.297,\"caption\":\"Vulture Conservation Foundation\"},\"image\":{\"@id\":\"https:\/\/4vultures.org\/#\/schema\/logo\/image\/\"}}]}<\/script>\n<!-- \/ Yoast SEO plugin. -->","yoast_head_json":{"title":"History and conservation status of the species in Portugal and Spain - Vulture Conservation Foundation","robots":{"index":"index","follow":"follow","max-snippet":"max-snippet:-1","max-image-preview":"max-image-preview:large","max-video-preview":"max-video-preview:-1"},"canonical":"https:\/\/4vultures.org\/es\/life-aegypius-return\/the-cinereous-vulture\/history-and-conservation-status-in-portugal-and-spain\/","og_locale":"es_ES","og_type":"article","og_title":"History and conservation status of the species in Portugal and Spain - Vulture Conservation Foundation","og_description":"The Cinereous Vulture History and conservation status of the species in Portugal and Spain History and conservation status of the species in Portugal and Spain During the 20th century, the once-common sight of a Cinereous Vulture soaring through the skies became increasingly rare across Europe, including the Iberian Peninsula, due to several threats. These threats [&hellip;]","og_url":"https:\/\/4vultures.org\/es\/life-aegypius-return\/the-cinereous-vulture\/history-and-conservation-status-in-portugal-and-spain\/","og_site_name":"Vulture Conservation Foundation","article_modified_time":"2025-05-05T12:43:42+00:00","og_image":[{"url":"http:\/\/4vultures.org\/wp-content\/uploads\/2023\/04\/Near-Threatened_Status_iucn_NT_icon.svg.png","type":"","width":"","height":""}],"twitter_card":"summary_large_image","schema":{"@context":"https:\/\/schema.org","@graph":[{"@type":"WebPage","@id":"https:\/\/4vultures.org\/life-aegypius-return\/the-cinereous-vulture\/history-and-conservation-status-in-portugal-and-spain\/","url":"https:\/\/4vultures.org\/life-aegypius-return\/the-cinereous-vulture\/history-and-conservation-status-in-portugal-and-spain\/","name":"History and conservation status of the species in Portugal and Spain - Vulture Conservation Foundation","isPartOf":{"@id":"https:\/\/4vultures.org\/#website"},"primaryImageOfPage":{"@id":"https:\/\/4vultures.org\/life-aegypius-return\/the-cinereous-vulture\/history-and-conservation-status-in-portugal-and-spain\/#primaryimage"},"image":{"@id":"https:\/\/4vultures.org\/life-aegypius-return\/the-cinereous-vulture\/history-and-conservation-status-in-portugal-and-spain\/#primaryimage"},"thumbnailUrl":"http:\/\/4vultures.org\/wp-content\/uploads\/2023\/04\/Near-Threatened_Status_iucn_NT_icon.svg.png","datePublished":"2023-03-22T14:14:40+00:00","dateModified":"2025-05-05T12:43:42+00:00","breadcrumb":{"@id":"https:\/\/4vultures.org\/life-aegypius-return\/the-cinereous-vulture\/history-and-conservation-status-in-portugal-and-spain\/#breadcrumb"},"inLanguage":"es","potentialAction":[{"@type":"ReadAction","target":["https:\/\/4vultures.org\/life-aegypius-return\/the-cinereous-vulture\/history-and-conservation-status-in-portugal-and-spain\/"]}]},{"@type":"ImageObject","inLanguage":"es","@id":"https:\/\/4vultures.org\/life-aegypius-return\/the-cinereous-vulture\/history-and-conservation-status-in-portugal-and-spain\/#primaryimage","url":"http:\/\/4vultures.org\/wp-content\/uploads\/2023\/04\/Near-Threatened_Status_iucn_NT_icon.svg.png","contentUrl":"http:\/\/4vultures.org\/wp-content\/uploads\/2023\/04\/Near-Threatened_Status_iucn_NT_icon.svg.png"},{"@type":"BreadcrumbList","@id":"https:\/\/4vultures.org\/life-aegypius-return\/the-cinereous-vulture\/history-and-conservation-status-in-portugal-and-spain\/#breadcrumb","itemListElement":[{"@type":"ListItem","position":1,"name":"Home","item":"https:\/\/4vultures.org\/"},{"@type":"ListItem","position":2,"name":"LIFE Aegypius Return","item":"https:\/\/4vultures.org\/life-aegypius-return\/"},{"@type":"ListItem","position":3,"name":"The Cinereous Vulture","item":"https:\/\/4vultures.org\/life-aegypius-return\/the-cinereous-vulture\/"},{"@type":"ListItem","position":4,"name":"History and conservation status of the species in Portugal and Spain"}]},{"@type":"WebSite","@id":"https:\/\/4vultures.org\/#website","url":"https:\/\/4vultures.org\/","name":"Vulture Conservation Foundation","description":"","publisher":{"@id":"https:\/\/4vultures.org\/#organization"},"potentialAction":[{"@type":"SearchAction","target":{"@type":"EntryPoint","urlTemplate":"https:\/\/4vultures.org\/?s={search_term_string}"},"query-input":{"@type":"PropertyValueSpecification","valueRequired":true,"valueName":"search_term_string"}}],"inLanguage":"es"},{"@type":"Organization","@id":"https:\/\/4vultures.org\/#organization","name":"Vulture Conservation Foundation","url":"https:\/\/4vultures.org\/","logo":{"@type":"ImageObject","inLanguage":"es","@id":"https:\/\/4vultures.org\/#\/schema\/logo\/image\/","url":"https:\/\/4vultures.org\/wp-content\/uploads\/2021\/07\/logo.svg","contentUrl":"https:\/\/4vultures.org\/wp-content\/uploads\/2021\/07\/logo.svg","width":522.503,"height":154.297,"caption":"Vulture Conservation Foundation"},"image":{"@id":"https:\/\/4vultures.org\/#\/schema\/logo\/image\/"}}]}},"uagb_featured_image_src":{"full":false,"thumbnail":false,"medium":false,"medium_large":false,"large":false,"1536x1536":false,"2048x2048":false,"trp-custom-language-flag":false},"uagb_author_info":{"display_name":"lbadmin","author_link":"https:\/\/4vultures.org\/es\/blog\/author\/lbadmin\/"},"uagb_comment_info":0,"uagb_excerpt":"The Cinereous Vulture History and conservation status of the species in Portugal and Spain History and conservation status of the species in Portugal and Spain During the 20th century, the once-common sight of a Cinereous Vulture soaring through the skies became increasingly rare across Europe, including the Iberian Peninsula, due to several threats. These threats&hellip;","_links":{"self":[{"href":"https:\/\/4vultures.org\/es\/wp-json\/wp\/v2\/pages\/27846","targetHints":{"allow":["GET"]}}],"collection":[{"href":"https:\/\/4vultures.org\/es\/wp-json\/wp\/v2\/pages"}],"about":[{"href":"https:\/\/4vultures.org\/es\/wp-json\/wp\/v2\/types\/page"}],"author":[{"embeddable":true,"href":"https:\/\/4vultures.org\/es\/wp-json\/wp\/v2\/users\/1"}],"replies":[{"embeddable":true,"href":"https:\/\/4vultures.org\/es\/wp-json\/wp\/v2\/comments?post=27846"}],"version-history":[{"count":5,"href":"https:\/\/4vultures.org\/es\/wp-json\/wp\/v2\/pages\/27846\/revisions"}],"predecessor-version":[{"id":38629,"href":"https:\/\/4vultures.org\/es\/wp-json\/wp\/v2\/pages\/27846\/revisions\/38629"}],"up":[{"embeddable":true,"href":"https:\/\/4vultures.org\/es\/wp-json\/wp\/v2\/pages\/27797"}],"wp:attachment":[{"href":"https:\/\/4vultures.org\/es\/wp-json\/wp\/v2\/media?parent=27846"}],"curies":[{"name":"wp","href":"https:\/\/api.w.org\/{rel}","templated":true}]}}